{"id":9,"date":"2024-11-20T11:59:17","date_gmt":"2024-11-20T10:59:17","guid":{"rendered":"http:\/\/localhost\/revue-militaire-suisse\/web\/?page_id=9"},"modified":"2025-10-02T14:04:02","modified_gmt":"2025-10-02T12:04:02","slug":"accueil","status":"publish","type":"page","link":"https:\/\/revuemilitairesuisse.ch\/de\/","title":{"rendered":"Home"},"content":{"rendered":"<section\n\t\tclass=\"block\t\tblock-subscription\t\tbackground-grey\t\thas-background\">\n\t\t<div class=\"block-inner block-subscription-inner\">\n\t\t\t<div class=\"subscription-summary\">\n\t\t\t\t\t\t\t\t\t<div class=\"background-image\">\n\t\t\t\t\t\t<img width=\"380\" height=\"570\" src=\"https:\/\/revuemilitairesuisse.ch\/app\/uploads\/2025\/01\/rms-militaire-380x570.jpg\" class=\"attachment-content-third size-content-third\" alt=\"\" srcset=\"https:\/\/revuemilitairesuisse.ch\/app\/uploads\/2025\/01\/rms-militaire-380x570.jpg 380w, https:\/\/revuemilitairesuisse.ch\/app\/uploads\/2025\/01\/rms-militaire-350x525.jpg 350w, https:\/\/revuemilitairesuisse.ch\/app\/uploads\/2025\/01\/rms-militaire-540x810.jpg 540w, https:\/\/revuemilitairesuisse.ch\/app\/uploads\/2025\/01\/rms-militaire-200x300.jpg 200w, https:\/\/revuemilitairesuisse.ch\/app\/uploads\/2025\/01\/rms-militaire-683x1024.jpg 683w, https:\/\/revuemilitairesuisse.ch\/app\/uploads\/2025\/01\/rms-militaire-768x1152.jpg 768w, https:\/\/revuemilitairesuisse.ch\/app\/uploads\/2025\/01\/rms-militaire-1024x1536.jpg 1024w, https:\/\/revuemilitairesuisse.ch\/app\/uploads\/2025\/01\/rms-militaire-1366x2048.jpg 1366w, https:\/\/revuemilitairesuisse.ch\/app\/uploads\/2025\/01\/rms-militaire-934x1400.jpg 934w, https:\/\/revuemilitairesuisse.ch\/app\/uploads\/2025\/01\/rms-militaire.jpg 1467w\" sizes=\"(max-width: 380px) 100vw, 380px\" \/>\t\t\t\t\t<\/div>\n\t\t\t\t\t\t\t\t<div class=\"subscription-summary-content\">\n\t\t\t\t\t\t\t\t\t\t\t<h2 class=\"subscription-title\">Jetzt die RMS abonnieren! <\/h2>\n\t\t\t\t\t<div class=\"woocommerce-product-details__short-description\">\n\t<p>6 Ausgaben + 2 Sonderausgaben<\/p>\n<\/div>\n<p class=\"price\">D\u00e8s <span class=\"woocommerce-Price-amount amount\"><bdi><span class=\"woocommerce-Price-currencySymbol\" translate=\"no\">CHF<\/span>&nbsp;60.00<\/bdi><\/span> <span class=\"subscription-details\"> pro Jahr<\/span><\/p>\n<p class=\"product-price-information\">Pro Jahr (inklusive Versandkosten)*<\/p>\n\t\n\t\t<form class=\"cart\" action=\"https:\/\/revuemilitairesuisse.ch\/de\/boutique\/abonnement\/\" method=\"post\" enctype='multipart\/form-data' data-trp-original-action=\"https:\/\/revuemilitairesuisse.ch\/de\/boutique\/abonnement\/\">\n\n\t\t\n\t\t<div class=\"quantity\">\n\t\t<label class=\"screen-reader-text\" for=\"quantity_6a9bf9d4cf58e\" data-no-translation=\"\" data-trp-gettext=\"\">Abonnement Menge<\/label>\n\t<input\n\t\ttype=\"hidden\"\n\t\t\t\tid=\"quantity_6a9bf9d4cf58e\"\n\t\tclass=\"input-text qty text\"\n\t\tname=\"quantity\"\n\t\tvalue=\"1\"\n\t\taria-label=\"Produktmenge\"\n\t\t\t\tmin=\"1\"\n\t\t\t\t\tmax=\"1\"\n\t\t\t\t\t\t\tstep=\"1\"\n\t\t\tplaceholder=\"\"\n\t\t\tinputmode=\"numeric\"\n\t\t\tautocomplete=\"off\" data-no-translation-aria-label=\"\"\n\t\t\t\/>\n\t<\/div>\n\n\t\t<button type=\"submit\" class=\"single_add_to_cart_button button alt\" name=\"add-to-cart\" value=\"156\">Abonnieren<\/button>\n\n\t\t\n\t<input type=\"hidden\" name=\"trp-form-language\" value=\"de\"\/><\/form>\n\t\n\t\n<p class=\"product-price-conditions\"><small>*Die Versandkosten gelten f\u00fcr Lieferungen innerhalb der Schweiz. Die Geb\u00fchren werden je nach Ihrem Standort angepasst.<\/small><\/p>\t\t\t\t<\/div>\n\t\t\t<\/div>\n\n\t\t\t\t\t\t\t<div class=\"last-issue\">\n\t\t\t\t\t<div class=\"last-issue-header-wrapper\">\n\t\t\t\t\t\t<p class=\"last-issue-title\">Le dernier num\u00e9ro<\/p>\n\n\t\t\t\t\t\t<div class=\"last-issue-header\">\n\n\t\t\t\t\t\t\t\t\t\t\t\t\t\t\t<div class=\"last-issue-thumbnail\">\n\t\t\t\t\t\t\t\t\t<img width=\"380\" height=\"537\" src=\"https:\/\/revuemilitairesuisse.ch\/app\/uploads\/2026\/09\/RMS_2026-05_Page_01-380x537.png\" class=\"attachment-content-third size-content-third wp-post-image\" alt=\"\" srcset=\"https:\/\/revuemilitairesuisse.ch\/app\/uploads\/2026\/09\/RMS_2026-05_Page_01-380x537.png 380w, https:\/\/revuemilitairesuisse.ch\/app\/uploads\/2026\/09\/RMS_2026-05_Page_01-212x300.png 212w, https:\/\/revuemilitairesuisse.ch\/app\/uploads\/2026\/09\/RMS_2026-05_Page_01-724x1024.png 724w, https:\/\/revuemilitairesuisse.ch\/app\/uploads\/2026\/09\/RMS_2026-05_Page_01-768x1086.png 768w, https:\/\/revuemilitairesuisse.ch\/app\/uploads\/2026\/09\/RMS_2026-05_Page_01-8x12.png 8w, https:\/\/revuemilitairesuisse.ch\/app\/uploads\/2026\/09\/RMS_2026-05_Page_01-620x877.png 620w, https:\/\/revuemilitairesuisse.ch\/app\/uploads\/2026\/09\/RMS_2026-05_Page_01-350x495.png 350w, https:\/\/revuemilitairesuisse.ch\/app\/uploads\/2026\/09\/RMS_2026-05_Page_01-540x764.png 540w, https:\/\/revuemilitairesuisse.ch\/app\/uploads\/2026\/09\/RMS_2026-05_Page_01.png 794w\" sizes=\"(max-width: 380px) 100vw, 380px\" \/>\t\t\t\t\t\t\t\t<\/div>\n\t\t\t\t\t\t\t\n\t\t\t\t\t\t\t\t\t\t\t\t\t\t\t\t<div class=\"last-issue-release-date\">\n\t\t\t\t\t\t\t\t\t\t<div class=\"last-issue-release-date-month\">\n\t\t\t\t\t\t\t\t\t\t\t06\t\t\t\t\t\t\t\t\t\t<\/div>\n\t\t\t\t\t\t\t\t\t\t<div class=\"last-issue-release-date-year\">\n\t\t\t\t\t\t\t\t\t\t\t2026\t\t\t\t\t\t\t\t\t\t<\/div>\n\t\t\t\t\t\t\t\t\t<\/div>\n\t\t\t\t\t\t\t\t\t\t\t\t\t\t\t\t\t\t\t\t\t<\/div>\n\t\t\t\t\t<\/div>\n\n\t\t\t\t\t<div class=\"last-issue-content\">\n\n\t\t\t\t\t\t\t\t\t\t\t\t\t<div class=\"last-issue-summary\">\n\t\t\t\t\t\t\t\t<p>Die Ausgabe 05\/2026 widmet sich dem hybriden Krieg, seinen verschiedenen Definitionen und den Bedrohungen, die er f\u00fcr die Welt darstellt. Sie beleuchtet insbesondere die Herausforderungen f\u00fcr die Schweizer Armee, die hybriden Angriffe Russlands gegen Polen und Russlands \u00abKrieg der neuen Generation\u00bb. Ein zweiter Teil befasst sich mit Syrien und dem Nahen Osten, von Hama bis zur Entwicklung der russischen Milit\u00e4rpr\u00e4senz in Syrien. Schlie\u00dflich befassen sich mehrere Beitr\u00e4ge mit der Sueskrise von 1956, ihren geopolitischen Folgen sowie der Wende, die die Schweizer Landesverteidigung in demselben Jahr nahm. Diese Ausgabe ist als digitale Version erh\u00e4ltlich. Um die kommenden Ausgaben als Magazin zu erhalten, k\u00f6nnen Sie ein Abonnement abschlie\u00dfen.<\/p>\n\t\t\t\t\t\t\t<\/div>\n\t\t\t\t\t\t\n\t\t\t\t\t\t\t\t\t\t\t\t\t<a href=\"https:\/\/revuemilitairesuisse.ch\/de\/app\/uploads\/2026\/09\/RMS_2026-05-extract.pdf\/\" class=\"last-issue-preview link\" target=\"_blank\">\n\t\t\t\t\t\t\t\tD\u00e9couvrir l'aper\u00e7u\t\t\t\t\t\t\t<\/a>\n\t\t\t\t\t\t\n\t\t\t\t\t\t\t\t\t\t\t\t\t<a href=\"https:\/\/revuemilitairesuisse.ch\/de\/boutique\/rms-5-2026\/\" class=\"last-issue-preview link\">\n\t\t\t\t\t\t\t\tT\u00e9l\u00e9charger le PDF en ligne\t\t\t\t\t\t\t<\/a>\n\t\t\t\t\t\t\t\t\t\t\t<\/div>\n\t\t\t\t<\/div>\n\t\t\t\t\t<\/div>\n\t<\/section>\n\n\n<section\n\tclass=\"block\t\tblock-page-link\t\tno-background\">\n\t<div class=\"block-inner block-page-link-inner\">\n\t\t\t\t\t<div class=\"image\">\n\t\t\t\t<img width=\"1280\" height=\"384\" src=\"https:\/\/revuemilitairesuisse.ch\/app\/uploads\/2025\/01\/rms-bureau-1280x384.jpg\" class=\"attachment-content size-content\" alt=\"\" srcset=\"https:\/\/revuemilitairesuisse.ch\/app\/uploads\/2025\/01\/rms-bureau-1280x384.jpg 1280w, https:\/\/revuemilitairesuisse.ch\/app\/uploads\/2025\/01\/rms-bureau-350x105.jpg 350w, https:\/\/revuemilitairesuisse.ch\/app\/uploads\/2025\/01\/rms-bureau-540x162.jpg 540w, https:\/\/revuemilitairesuisse.ch\/app\/uploads\/2025\/01\/rms-bureau-300x90.jpg 300w, https:\/\/revuemilitairesuisse.ch\/app\/uploads\/2025\/01\/rms-bureau-1024x307.jpg 1024w, https:\/\/revuemilitairesuisse.ch\/app\/uploads\/2025\/01\/rms-bureau-768x230.jpg 768w, https:\/\/revuemilitairesuisse.ch\/app\/uploads\/2025\/01\/rms-bureau-1536x461.jpg 1536w, https:\/\/revuemilitairesuisse.ch\/app\/uploads\/2025\/01\/rms-bureau-2048x614.jpg 2048w, https:\/\/revuemilitairesuisse.ch\/app\/uploads\/2025\/01\/rms-bureau-380x114.jpg 380w\" sizes=\"(max-width: 1280px) 100vw, 1280px\" \/>\t\t\t<\/div>\n\t\t\n\t\t<div class=\"content\">\n\t\t\t\t\t\t\t<h3 class=\"page-link-title\">Eine unabh\u00e4ngige Zeitschrift seit 1856<\/h3>\n\t\t\t\n\t\t\t\n\t\t\t<a href=\"https:\/\/revuemilitairesuisse.ch\/de\/la-rms\/historique\/\" class=\"button button-ghost\" target=\"\">Die Geschichte entdecken<\/a>\n\t\t<\/div>\n\t<\/div>\n<\/section>\n<section\n\tclass=\"block\tblock-posts\tposts-post\tno-background\">\n\t<div class=\"block-inner block-posts-inner\">\n\n\t\t\t\t\t\t\t\t\t<p class=\"block-title\">Neuigkeiten<\/p>\n\t\t\t\n\t\t\t\t\t\t\t<h2 class=\"block-subheading\">Aktuelles aus der Schweiz und der Welt<\/h2>\n\t\t\t\t\t\n\t\t\n<div class=\"posts-layout\">\n\t\n\t<article\n\t\tid=\"post-1193\"\n\t\tdata-id=\"1193\"\n\t\tclass=\"excerpt layout-default post-1193 post type-post status-publish format-standard has-post-thumbnail hentry category-revue-5-26\">\n\n\t\t\t\t\t<a href=\"https:\/\/revuemilitairesuisse.ch\/de\/face-aux-conflits-hybrides-larmee-suisse-a-lheure-de-la-defense-multi-domaines\/\" target=\"_self\">\n\t\t\t\n\t\t\t\t\n\t<div class=\"post-thumbnail\">\n\t\t<img width=\"620\" height=\"877\" src=\"https:\/\/revuemilitairesuisse.ch\/app\/uploads\/2026\/09\/RMS_2026-05_Page_01-620x877.png\" class=\"attachment-content-two-third size-content-two-third wp-post-image\" alt=\"\" srcset=\"https:\/\/revuemilitairesuisse.ch\/app\/uploads\/2026\/09\/RMS_2026-05_Page_01-620x877.png 620w, https:\/\/revuemilitairesuisse.ch\/app\/uploads\/2026\/09\/RMS_2026-05_Page_01-212x300.png 212w, https:\/\/revuemilitairesuisse.ch\/app\/uploads\/2026\/09\/RMS_2026-05_Page_01-724x1024.png 724w, https:\/\/revuemilitairesuisse.ch\/app\/uploads\/2026\/09\/RMS_2026-05_Page_01-768x1086.png 768w, https:\/\/revuemilitairesuisse.ch\/app\/uploads\/2026\/09\/RMS_2026-05_Page_01-8x12.png 8w, https:\/\/revuemilitairesuisse.ch\/app\/uploads\/2026\/09\/RMS_2026-05_Page_01-380x537.png 380w, https:\/\/revuemilitairesuisse.ch\/app\/uploads\/2026\/09\/RMS_2026-05_Page_01-350x495.png 350w, https:\/\/revuemilitairesuisse.ch\/app\/uploads\/2026\/09\/RMS_2026-05_Page_01-540x764.png 540w, https:\/\/revuemilitairesuisse.ch\/app\/uploads\/2026\/09\/RMS_2026-05_Page_01.png 794w\" sizes=\"(max-width: 620px) 100vw, 620px\" \/>\t<\/div><!-- .post-thumbnail -->\n\n<div class=\"content\">\n\t<div class=\"entry-meta\">\n\t\t<small class=\"entry-published-on\">\n\t\t\tPubli\u00e9 le 2 September 2026\t\t<\/small>\n\n\t\t \/ <ul class=\"tags\"><li class=\"tag post-link-category post-link-category-revue-5-26\">Revue 5\/26<\/li><\/ul>\t<\/div>\n\n\t<header class=\"entry-header\">\n\t\t<div class=\"entry-header-heading\">\n\t\t\t<div class=\"entry-title-wrapper\">\n\t\t\t\t<h4 class=\"entry-title\">Angesichts hybrider Konflikte: Die Schweizer Armee im Zeitalter der dom\u00e4nen\u00fcbergreifenden Verteidigung<\/h4>\t\t\t<\/div>\n\t\t<\/div>\n\t<\/header>\n\n\t\t\t<div class=\"entry-content\">\n\t\t\t<p>\n\t\t\t\tIn diesem Artikel zeichnet der Brigadier Hans-Jakob Reichen, Chef Armeeverteilung, die Entwicklung des Begriffs des hybriden Konflikts und dessen Konsequenzen f\u00fcr die Schweizer Armee nach. Angesichts von Bedrohungen, die milit\u00e4rische und nichtmilit\u00e4rische Mittel, Cyberaktivit\u00e4ten, Desinformation, Einflussnahme oder auch irregul\u00e4re Kr\u00e4fte kombinieren, pl\u00e4diert er f\u00fcr eine Verteidigung, die in der Lage ist, in mehreren Bereichen zu agieren.\t\t\t<\/p>\n\t\t<\/div>\n\t\n\t<span class=\"link\">En savoir plus<\/span>\n\n<\/div>\n\n\t\t\t\t\t\t\t<\/a>\n\t\t\n\t<\/article>\n\t\n\t\t\t<ul class=\"post-list\">\n\t\t\t\n\t<li class=\"post-item\">\n\t\t<article\n\t\tid=\"post-1156\"\n\t\tdata-id=\"1156\"\n\t\tclass=\"excerpt layout-light post-1156 post type-post status-publish format-standard has-post-thumbnail hentry category-revue-t1-2026\">\n\n\t\t\t\t\t<a href=\"https:\/\/revuemilitairesuisse.ch\/de\/infanterie-suisse-sadapter-aux-nouvelles-formes-de-la-guerre\/\" target=\"_self\">\n\t\t\t\n\t\t\t\t\n\t<div class=\"post-thumbnail\">\n\t\t<img width=\"620\" height=\"877\" src=\"https:\/\/revuemilitairesuisse.ch\/app\/uploads\/2026\/08\/RMS_2026-T1_Infanterie_cover-620x877.jpg\" class=\"attachment-content-two-third size-content-two-third wp-post-image\" alt=\"\" srcset=\"https:\/\/revuemilitairesuisse.ch\/app\/uploads\/2026\/08\/RMS_2026-T1_Infanterie_cover-620x877.jpg 620w, https:\/\/revuemilitairesuisse.ch\/app\/uploads\/2026\/08\/RMS_2026-T1_Infanterie_cover-212x300.jpg 212w, https:\/\/revuemilitairesuisse.ch\/app\/uploads\/2026\/08\/RMS_2026-T1_Infanterie_cover-724x1024.jpg 724w, https:\/\/revuemilitairesuisse.ch\/app\/uploads\/2026\/08\/RMS_2026-T1_Infanterie_cover-768x1086.jpg 768w, https:\/\/revuemilitairesuisse.ch\/app\/uploads\/2026\/08\/RMS_2026-T1_Infanterie_cover-1086x1536.jpg 1086w, https:\/\/revuemilitairesuisse.ch\/app\/uploads\/2026\/08\/RMS_2026-T1_Infanterie_cover-8x12.jpg 8w, https:\/\/revuemilitairesuisse.ch\/app\/uploads\/2026\/08\/RMS_2026-T1_Infanterie_cover-990x1400.jpg 990w, https:\/\/revuemilitairesuisse.ch\/app\/uploads\/2026\/08\/RMS_2026-T1_Infanterie_cover-380x538.jpg 380w, https:\/\/revuemilitairesuisse.ch\/app\/uploads\/2026\/08\/RMS_2026-T1_Infanterie_cover-350x495.jpg 350w, https:\/\/revuemilitairesuisse.ch\/app\/uploads\/2026\/08\/RMS_2026-T1_Infanterie_cover-540x764.jpg 540w, https:\/\/revuemilitairesuisse.ch\/app\/uploads\/2026\/08\/RMS_2026-T1_Infanterie_cover.jpg 1240w\" sizes=\"(max-width: 620px) 100vw, 620px\" \/>\t<\/div><!-- .post-thumbnail -->\n\n<div class=\"content\">\n\t<div class=\"entry-meta\">\n\t\t<small class=\"entry-published-on\">\n\t\t\tPubli\u00e9 le 17 August 2026\t\t<\/small>\n\n\t\t \/ <ul class=\"tags\"><li class=\"tag post-link-category post-link-category-revue-t1-2026\">R\u00fcckblick Q1\/2026<\/li><\/ul>\t<\/div>\n\n\t<header class=\"entry-header\">\n\t\t<div class=\"entry-header-heading\">\n\t\t\t<div class=\"entry-title-wrapper\">\n\t\t\t\t<h4 class=\"entry-title\">Schweizer Infanterie: Sich an die neuen Formen des Krieges anpassen<\/h4>\t\t\t<\/div>\n\t\t<\/div>\n\t<\/header>\n\n\t\n\t<span class=\"link\">En savoir plus<\/span>\n\n<\/div>\n\n\t\t\t\t\t\t\t<\/a>\n\t\t\n\t<\/article>\n\t\t<\/li><!-- #post-1156 -->\n\n\t<li class=\"post-item\">\n\t\t<article\n\t\tid=\"post-1103\"\n\t\tdata-id=\"1103\"\n\t\tclass=\"excerpt layout-light post-1103 post type-post status-publish format-standard has-post-thumbnail hentry category-actualites\">\n\n\t\t\t\t\t<a href=\"https:\/\/revuemilitairesuisse.ch\/de\/eurosatory-2\/\" target=\"_self\">\n\t\t\t\n\t\t\t\t\n\t<div class=\"post-thumbnail\">\n\t\t<img width=\"620\" height=\"395\" src=\"https:\/\/revuemilitairesuisse.ch\/app\/uploads\/2026\/06\/RMS-actualites-eurosatory2-2026-620x395.jpg\" class=\"attachment-content-two-third size-content-two-third wp-post-image\" alt=\"\" srcset=\"https:\/\/revuemilitairesuisse.ch\/app\/uploads\/2026\/06\/RMS-actualites-eurosatory2-2026-620x395.jpg 620w, https:\/\/revuemilitairesuisse.ch\/app\/uploads\/2026\/06\/RMS-actualites-eurosatory2-2026-300x191.jpg 300w, https:\/\/revuemilitairesuisse.ch\/app\/uploads\/2026\/06\/RMS-actualites-eurosatory2-2026-18x12.jpg 18w, https:\/\/revuemilitairesuisse.ch\/app\/uploads\/2026\/06\/RMS-actualites-eurosatory2-2026-380x242.jpg 380w, https:\/\/revuemilitairesuisse.ch\/app\/uploads\/2026\/06\/RMS-actualites-eurosatory2-2026-350x223.jpg 350w, https:\/\/revuemilitairesuisse.ch\/app\/uploads\/2026\/06\/RMS-actualites-eurosatory2-2026-540x344.jpg 540w, https:\/\/revuemilitairesuisse.ch\/app\/uploads\/2026\/06\/RMS-actualites-eurosatory2-2026.jpg 640w\" sizes=\"(max-width: 620px) 100vw, 620px\" \/>\t<\/div><!-- .post-thumbnail -->\n\n<div class=\"content\">\n\t<div class=\"entry-meta\">\n\t\t<small class=\"entry-published-on\">\n\t\t\tPubli\u00e9 le 30 Juni 2026\t\t<\/small>\n\n\t\t \/ <ul class=\"tags\"><li class=\"tag post-link-category post-link-category-actualites\">Nachrichten<\/li><\/ul>\t<\/div>\n\n\t<header class=\"entry-header\">\n\t\t<div class=\"entry-header-heading\">\n\t\t\t<div class=\"entry-title-wrapper\">\n\t\t\t\t<h4 class=\"entry-title\">Eurosatory 2<\/h4>\t\t\t<\/div>\n\t\t<\/div>\n\t<\/header>\n\n\t\n\t<span class=\"link\">En savoir plus<\/span>\n\n<\/div>\n\n\t\t\t\t\t\t\t<\/a>\n\t\t\n\t<\/article>\n\t\t<\/li><!-- #post-1103 -->\n\n\t<li class=\"post-item\">\n\t\t<article\n\t\tid=\"post-1085\"\n\t\tdata-id=\"1085\"\n\t\tclass=\"excerpt layout-light post-1085 post type-post status-publish format-standard has-post-thumbnail hentry category-3-26\">\n\n\t\t\t\t\t<a href=\"https:\/\/revuemilitairesuisse.ch\/de\/quand-les-regles-de-la-guerre-sont-ignorees\/\" target=\"_self\">\n\t\t\t\n\t\t\t\t\n\t<div class=\"post-thumbnail\">\n\t\t<img width=\"595\" height=\"841\" src=\"https:\/\/revuemilitairesuisse.ch\/app\/uploads\/2026\/06\/RMS_2026-03.jpg\" class=\"attachment-content-two-third size-content-two-third wp-post-image\" alt=\"\" srcset=\"https:\/\/revuemilitairesuisse.ch\/app\/uploads\/2026\/06\/RMS_2026-03.jpg 595w, https:\/\/revuemilitairesuisse.ch\/app\/uploads\/2026\/06\/RMS_2026-03-212x300.jpg 212w, https:\/\/revuemilitairesuisse.ch\/app\/uploads\/2026\/06\/RMS_2026-03-8x12.jpg 8w, https:\/\/revuemilitairesuisse.ch\/app\/uploads\/2026\/06\/RMS_2026-03-380x537.jpg 380w, https:\/\/revuemilitairesuisse.ch\/app\/uploads\/2026\/06\/RMS_2026-03-350x495.jpg 350w, https:\/\/revuemilitairesuisse.ch\/app\/uploads\/2026\/06\/RMS_2026-03-540x763.jpg 540w\" sizes=\"(max-width: 595px) 100vw, 595px\" \/>\t<\/div><!-- .post-thumbnail -->\n\n<div class=\"content\">\n\t<div class=\"entry-meta\">\n\t\t<small class=\"entry-published-on\">\n\t\t\tPubli\u00e9 le 17 Juni 2026\t\t<\/small>\n\n\t\t \/ <ul class=\"tags\"><li class=\"tag post-link-category post-link-category-3-26\">Revue 3\/26<\/li><\/ul>\t<\/div>\n\n\t<header class=\"entry-header\">\n\t\t<div class=\"entry-header-heading\">\n\t\t\t<div class=\"entry-title-wrapper\">\n\t\t\t\t<h4 class=\"entry-title\">Wenn die Regeln des Krieges missachtet werden<\/h4>\t\t\t<\/div>\n\t\t<\/div>\n\t<\/header>\n\n\t\n\t<span class=\"link\">En savoir plus<\/span>\n\n<\/div>\n\n\t\t\t\t\t\t\t<\/a>\n\t\t\n\t<\/article>\n\t\t<\/li><!-- #post-1085 -->\n\t\t<\/ul>\n\t\t\t<ul class=\"post-list\">\n\t\t\t\n\t<li class=\"post-item\">\n\t\t<article\n\t\tid=\"post-1144\"\n\t\tdata-id=\"1144\"\n\t\tclass=\"excerpt layout-light post-1144 post type-post status-publish format-standard has-post-thumbnail hentry category-revue-4-26\">\n\n\t\t\t\t\t<a href=\"https:\/\/revuemilitairesuisse.ch\/de\/lassurance-militaire-suisse-fete-ses-125-ans\/\" target=\"_self\">\n\t\t\t\n\t\t\t\t\n\t<div class=\"post-thumbnail\">\n\t\t<img width=\"620\" height=\"877\" src=\"https:\/\/revuemilitairesuisse.ch\/app\/uploads\/2026\/08\/RMS_2026-04_cover-620x877.jpg\" class=\"attachment-content-two-third size-content-two-third wp-post-image\" alt=\"\" srcset=\"https:\/\/revuemilitairesuisse.ch\/app\/uploads\/2026\/08\/RMS_2026-04_cover-620x877.jpg 620w, https:\/\/revuemilitairesuisse.ch\/app\/uploads\/2026\/08\/RMS_2026-04_cover-212x300.jpg 212w, https:\/\/revuemilitairesuisse.ch\/app\/uploads\/2026\/08\/RMS_2026-04_cover-724x1024.jpg 724w, https:\/\/revuemilitairesuisse.ch\/app\/uploads\/2026\/08\/RMS_2026-04_cover-768x1086.jpg 768w, https:\/\/revuemilitairesuisse.ch\/app\/uploads\/2026\/08\/RMS_2026-04_cover-1086x1536.jpg 1086w, https:\/\/revuemilitairesuisse.ch\/app\/uploads\/2026\/08\/RMS_2026-04_cover-8x12.jpg 8w, https:\/\/revuemilitairesuisse.ch\/app\/uploads\/2026\/08\/RMS_2026-04_cover-990x1400.jpg 990w, https:\/\/revuemilitairesuisse.ch\/app\/uploads\/2026\/08\/RMS_2026-04_cover-380x538.jpg 380w, https:\/\/revuemilitairesuisse.ch\/app\/uploads\/2026\/08\/RMS_2026-04_cover-350x495.jpg 350w, https:\/\/revuemilitairesuisse.ch\/app\/uploads\/2026\/08\/RMS_2026-04_cover-540x764.jpg 540w, https:\/\/revuemilitairesuisse.ch\/app\/uploads\/2026\/08\/RMS_2026-04_cover.jpg 1240w\" sizes=\"(max-width: 620px) 100vw, 620px\" \/>\t<\/div><!-- .post-thumbnail -->\n\n<div class=\"content\">\n\t<div class=\"entry-meta\">\n\t\t<small class=\"entry-published-on\">\n\t\t\tPubli\u00e9 le 5 August 2026\t\t<\/small>\n\n\t\t \/ <ul class=\"tags\"><li class=\"tag post-link-category post-link-category-revue-4-26\">Revue 4\/26<\/li><\/ul>\t<\/div>\n\n\t<header class=\"entry-header\">\n\t\t<div class=\"entry-header-heading\">\n\t\t\t<div class=\"entry-title-wrapper\">\n\t\t\t\t<h4 class=\"entry-title\">Die Schweizerische Milit\u00e4rversicherung feiert ihr 125-j\u00e4hriges Bestehen<\/h4>\t\t\t<\/div>\n\t\t<\/div>\n\t<\/header>\n\n\t\n\t<span class=\"link\">En savoir plus<\/span>\n\n<\/div>\n\n\t\t\t\t\t\t\t<\/a>\n\t\t\n\t<\/article>\n\t\t<\/li><!-- #post-1144 -->\n\n\t<li class=\"post-item\">\n\t\t<article\n\t\tid=\"post-1095\"\n\t\tdata-id=\"1095\"\n\t\tclass=\"excerpt layout-light post-1095 post type-post status-publish format-standard has-post-thumbnail hentry category-actualites\">\n\n\t\t\t\t\t<a href=\"https:\/\/revuemilitairesuisse.ch\/de\/eurosatory-1\/\" target=\"_self\">\n\t\t\t\n\t\t\t\t\n\t<div class=\"post-thumbnail\">\n\t\t<img width=\"620\" height=\"465\" src=\"https:\/\/revuemilitairesuisse.ch\/app\/uploads\/2026\/06\/IMG_4028-620x465.jpeg\" class=\"attachment-content-two-third size-content-two-third wp-post-image\" alt=\"\" srcset=\"https:\/\/revuemilitairesuisse.ch\/app\/uploads\/2026\/06\/IMG_4028-620x465.jpeg 620w, https:\/\/revuemilitairesuisse.ch\/app\/uploads\/2026\/06\/IMG_4028-300x225.jpeg 300w, https:\/\/revuemilitairesuisse.ch\/app\/uploads\/2026\/06\/IMG_4028-16x12.jpeg 16w, https:\/\/revuemilitairesuisse.ch\/app\/uploads\/2026\/06\/IMG_4028-380x285.jpeg 380w, https:\/\/revuemilitairesuisse.ch\/app\/uploads\/2026\/06\/IMG_4028-350x263.jpeg 350w, https:\/\/revuemilitairesuisse.ch\/app\/uploads\/2026\/06\/IMG_4028-540x405.jpeg 540w, https:\/\/revuemilitairesuisse.ch\/app\/uploads\/2026\/06\/IMG_4028-rotated.jpeg 640w\" sizes=\"(max-width: 620px) 100vw, 620px\" \/>\t<\/div><!-- .post-thumbnail -->\n\n<div class=\"content\">\n\t<div class=\"entry-meta\">\n\t\t<small class=\"entry-published-on\">\n\t\t\tPubli\u00e9 le 29 Juni 2026\t\t<\/small>\n\n\t\t \/ <ul class=\"tags\"><li class=\"tag post-link-category post-link-category-actualites\">Nachrichten<\/li><\/ul>\t<\/div>\n\n\t<header class=\"entry-header\">\n\t\t<div class=\"entry-header-heading\">\n\t\t\t<div class=\"entry-title-wrapper\">\n\t\t\t\t<h4 class=\"entry-title\">Eurosatory 1<\/h4>\t\t\t<\/div>\n\t\t<\/div>\n\t<\/header>\n\n\t\n\t<span class=\"link\">En savoir plus<\/span>\n\n<\/div>\n\n\t\t\t\t\t\t\t<\/a>\n\t\t\n\t<\/article>\n\t\t<\/li><!-- #post-1095 -->\n\n\t<li class=\"post-item\">\n\t\t<article\n\t\tid=\"post-1063\"\n\t\tdata-id=\"1063\"\n\t\tclass=\"excerpt layout-light post-1063 post type-post status-publish format-standard has-post-thumbnail hentry category-revue-2-26\">\n\n\t\t\t\t\t<a href=\"https:\/\/revuemilitairesuisse.ch\/de\/le-bataillon-dinfanterie-leger-un-jalon-important-de-la-capacite-de-defense\/\" target=\"_self\">\n\t\t\t\n\t\t\t\t\n\t<div class=\"post-thumbnail\">\n\t\t<img width=\"620\" height=\"877\" src=\"https:\/\/revuemilitairesuisse.ch\/app\/uploads\/2026\/05\/RMS_2026-02-cover-620x877.jpg\" class=\"attachment-content-two-third size-content-two-third wp-post-image\" alt=\"\" srcset=\"https:\/\/revuemilitairesuisse.ch\/app\/uploads\/2026\/05\/RMS_2026-02-cover-620x877.jpg 620w, https:\/\/revuemilitairesuisse.ch\/app\/uploads\/2026\/05\/RMS_2026-02-cover-212x300.jpg 212w, https:\/\/revuemilitairesuisse.ch\/app\/uploads\/2026\/05\/RMS_2026-02-cover-724x1024.jpg 724w, https:\/\/revuemilitairesuisse.ch\/app\/uploads\/2026\/05\/RMS_2026-02-cover-768x1086.jpg 768w, https:\/\/revuemilitairesuisse.ch\/app\/uploads\/2026\/05\/RMS_2026-02-cover-8x12.jpg 8w, https:\/\/revuemilitairesuisse.ch\/app\/uploads\/2026\/05\/RMS_2026-02-cover-380x537.jpg 380w, https:\/\/revuemilitairesuisse.ch\/app\/uploads\/2026\/05\/RMS_2026-02-cover-350x495.jpg 350w, https:\/\/revuemilitairesuisse.ch\/app\/uploads\/2026\/05\/RMS_2026-02-cover-540x764.jpg 540w, https:\/\/revuemilitairesuisse.ch\/app\/uploads\/2026\/05\/RMS_2026-02-cover.jpg 794w\" sizes=\"(max-width: 620px) 100vw, 620px\" \/>\t<\/div><!-- .post-thumbnail -->\n\n<div class=\"content\">\n\t<div class=\"entry-meta\">\n\t\t<small class=\"entry-published-on\">\n\t\t\tPubli\u00e9 le 19 Mai 2026\t\t<\/small>\n\n\t\t \/ <ul class=\"tags\"><li class=\"tag post-link-category post-link-category-revue-2-26\">Revue 2\/26<\/li><\/ul>\t<\/div>\n\n\t<header class=\"entry-header\">\n\t\t<div class=\"entry-header-heading\">\n\t\t\t<div class=\"entry-title-wrapper\">\n\t\t\t\t<h4 class=\"entry-title\">Das leichte Infanteriebataillon, ein wichtiger Meilenstein der Verteidigungsf\u00e4higkeit<\/h4>\t\t\t<\/div>\n\t\t<\/div>\n\t<\/header>\n\n\t\n\t<span class=\"link\">En savoir plus<\/span>\n\n<\/div>\n\n\t\t\t\t\t\t\t<\/a>\n\t\t\n\t<\/article>\n\t\t<\/li><!-- #post-1063 -->\n\t\t<\/ul>\n\t\n\t<div class=\"mobile-carousel carousel\">\n\t\t<ul class=\"carousel-container\">\n\t\t\t\n\t<li class=\"post-item carousel-slide\">\n\t\t<article\n\t\tid=\"post-1193\"\n\t\tdata-id=\"1193\"\n\t\tclass=\"excerpt layout-light post-1193 post type-post status-publish format-standard has-post-thumbnail hentry category-revue-5-26\">\n\n\t\t\t\t\t<a href=\"https:\/\/revuemilitairesuisse.ch\/de\/face-aux-conflits-hybrides-larmee-suisse-a-lheure-de-la-defense-multi-domaines\/\" target=\"_self\">\n\t\t\t\n\t\t\t\t\n\t<div class=\"post-thumbnail\">\n\t\t<img width=\"620\" height=\"877\" src=\"https:\/\/revuemilitairesuisse.ch\/app\/uploads\/2026\/09\/RMS_2026-05_Page_01-620x877.png\" class=\"attachment-content-two-third size-content-two-third wp-post-image\" alt=\"\" srcset=\"https:\/\/revuemilitairesuisse.ch\/app\/uploads\/2026\/09\/RMS_2026-05_Page_01-620x877.png 620w, https:\/\/revuemilitairesuisse.ch\/app\/uploads\/2026\/09\/RMS_2026-05_Page_01-212x300.png 212w, https:\/\/revuemilitairesuisse.ch\/app\/uploads\/2026\/09\/RMS_2026-05_Page_01-724x1024.png 724w, https:\/\/revuemilitairesuisse.ch\/app\/uploads\/2026\/09\/RMS_2026-05_Page_01-768x1086.png 768w, https:\/\/revuemilitairesuisse.ch\/app\/uploads\/2026\/09\/RMS_2026-05_Page_01-8x12.png 8w, https:\/\/revuemilitairesuisse.ch\/app\/uploads\/2026\/09\/RMS_2026-05_Page_01-380x537.png 380w, https:\/\/revuemilitairesuisse.ch\/app\/uploads\/2026\/09\/RMS_2026-05_Page_01-350x495.png 350w, https:\/\/revuemilitairesuisse.ch\/app\/uploads\/2026\/09\/RMS_2026-05_Page_01-540x764.png 540w, https:\/\/revuemilitairesuisse.ch\/app\/uploads\/2026\/09\/RMS_2026-05_Page_01.png 794w\" sizes=\"(max-width: 620px) 100vw, 620px\" \/>\t<\/div><!-- .post-thumbnail -->\n\n<div class=\"content\">\n\t<div class=\"entry-meta\">\n\t\t<small class=\"entry-published-on\">\n\t\t\tPubli\u00e9 le 2 September 2026\t\t<\/small>\n\n\t\t \/ <ul class=\"tags\"><li class=\"tag post-link-category post-link-category-revue-5-26\">Revue 5\/26<\/li><\/ul>\t<\/div>\n\n\t<header class=\"entry-header\">\n\t\t<div class=\"entry-header-heading\">\n\t\t\t<div class=\"entry-title-wrapper\">\n\t\t\t\t<h4 class=\"entry-title\">Angesichts hybrider Konflikte: Die Schweizer Armee im Zeitalter der dom\u00e4nen\u00fcbergreifenden Verteidigung<\/h4>\t\t\t<\/div>\n\t\t<\/div>\n\t<\/header>\n\n\t\n\t<span class=\"link\">En savoir plus<\/span>\n\n<\/div>\n\n\t\t\t\t\t\t\t<\/a>\n\t\t\n\t<\/article>\n\t\t<\/li><!-- #post-1193 -->\n\n\t<li class=\"post-item carousel-slide\">\n\t\t<article\n\t\tid=\"post-1156\"\n\t\tdata-id=\"1156\"\n\t\tclass=\"excerpt layout-light post-1156 post type-post status-publish format-standard has-post-thumbnail hentry category-revue-t1-2026\">\n\n\t\t\t\t\t<a href=\"https:\/\/revuemilitairesuisse.ch\/de\/infanterie-suisse-sadapter-aux-nouvelles-formes-de-la-guerre\/\" target=\"_self\">\n\t\t\t\n\t\t\t\t\n\t<div class=\"post-thumbnail\">\n\t\t<img width=\"620\" height=\"877\" src=\"https:\/\/revuemilitairesuisse.ch\/app\/uploads\/2026\/08\/RMS_2026-T1_Infanterie_cover-620x877.jpg\" class=\"attachment-content-two-third size-content-two-third wp-post-image\" alt=\"\" srcset=\"https:\/\/revuemilitairesuisse.ch\/app\/uploads\/2026\/08\/RMS_2026-T1_Infanterie_cover-620x877.jpg 620w, https:\/\/revuemilitairesuisse.ch\/app\/uploads\/2026\/08\/RMS_2026-T1_Infanterie_cover-212x300.jpg 212w, https:\/\/revuemilitairesuisse.ch\/app\/uploads\/2026\/08\/RMS_2026-T1_Infanterie_cover-724x1024.jpg 724w, https:\/\/revuemilitairesuisse.ch\/app\/uploads\/2026\/08\/RMS_2026-T1_Infanterie_cover-768x1086.jpg 768w, https:\/\/revuemilitairesuisse.ch\/app\/uploads\/2026\/08\/RMS_2026-T1_Infanterie_cover-1086x1536.jpg 1086w, https:\/\/revuemilitairesuisse.ch\/app\/uploads\/2026\/08\/RMS_2026-T1_Infanterie_cover-8x12.jpg 8w, https:\/\/revuemilitairesuisse.ch\/app\/uploads\/2026\/08\/RMS_2026-T1_Infanterie_cover-990x1400.jpg 990w, https:\/\/revuemilitairesuisse.ch\/app\/uploads\/2026\/08\/RMS_2026-T1_Infanterie_cover-380x538.jpg 380w, https:\/\/revuemilitairesuisse.ch\/app\/uploads\/2026\/08\/RMS_2026-T1_Infanterie_cover-350x495.jpg 350w, https:\/\/revuemilitairesuisse.ch\/app\/uploads\/2026\/08\/RMS_2026-T1_Infanterie_cover-540x764.jpg 540w, https:\/\/revuemilitairesuisse.ch\/app\/uploads\/2026\/08\/RMS_2026-T1_Infanterie_cover.jpg 1240w\" sizes=\"(max-width: 620px) 100vw, 620px\" \/>\t<\/div><!-- .post-thumbnail -->\n\n<div class=\"content\">\n\t<div class=\"entry-meta\">\n\t\t<small class=\"entry-published-on\">\n\t\t\tPubli\u00e9 le 17 August 2026\t\t<\/small>\n\n\t\t \/ <ul class=\"tags\"><li class=\"tag post-link-category post-link-category-revue-t1-2026\">R\u00fcckblick Q1\/2026<\/li><\/ul>\t<\/div>\n\n\t<header class=\"entry-header\">\n\t\t<div class=\"entry-header-heading\">\n\t\t\t<div class=\"entry-title-wrapper\">\n\t\t\t\t<h4 class=\"entry-title\">Schweizer Infanterie: Sich an die neuen Formen des Krieges anpassen<\/h4>\t\t\t<\/div>\n\t\t<\/div>\n\t<\/header>\n\n\t\n\t<span class=\"link\">En savoir plus<\/span>\n\n<\/div>\n\n\t\t\t\t\t\t\t<\/a>\n\t\t\n\t<\/article>\n\t\t<\/li><!-- #post-1156 -->\n\n\t<li class=\"post-item carousel-slide\">\n\t\t<article\n\t\tid=\"post-1103\"\n\t\tdata-id=\"1103\"\n\t\tclass=\"excerpt layout-light post-1103 post type-post status-publish format-standard has-post-thumbnail hentry category-actualites\">\n\n\t\t\t\t\t<a href=\"https:\/\/revuemilitairesuisse.ch\/de\/eurosatory-2\/\" target=\"_self\">\n\t\t\t\n\t\t\t\t\n\t<div class=\"post-thumbnail\">\n\t\t<img width=\"620\" height=\"395\" src=\"https:\/\/revuemilitairesuisse.ch\/app\/uploads\/2026\/06\/RMS-actualites-eurosatory2-2026-620x395.jpg\" class=\"attachment-content-two-third size-content-two-third wp-post-image\" alt=\"\" srcset=\"https:\/\/revuemilitairesuisse.ch\/app\/uploads\/2026\/06\/RMS-actualites-eurosatory2-2026-620x395.jpg 620w, https:\/\/revuemilitairesuisse.ch\/app\/uploads\/2026\/06\/RMS-actualites-eurosatory2-2026-300x191.jpg 300w, https:\/\/revuemilitairesuisse.ch\/app\/uploads\/2026\/06\/RMS-actualites-eurosatory2-2026-18x12.jpg 18w, https:\/\/revuemilitairesuisse.ch\/app\/uploads\/2026\/06\/RMS-actualites-eurosatory2-2026-380x242.jpg 380w, https:\/\/revuemilitairesuisse.ch\/app\/uploads\/2026\/06\/RMS-actualites-eurosatory2-2026-350x223.jpg 350w, https:\/\/revuemilitairesuisse.ch\/app\/uploads\/2026\/06\/RMS-actualites-eurosatory2-2026-540x344.jpg 540w, https:\/\/revuemilitairesuisse.ch\/app\/uploads\/2026\/06\/RMS-actualites-eurosatory2-2026.jpg 640w\" sizes=\"(max-width: 620px) 100vw, 620px\" \/>\t<\/div><!-- .post-thumbnail -->\n\n<div class=\"content\">\n\t<div class=\"entry-meta\">\n\t\t<small class=\"entry-published-on\">\n\t\t\tPubli\u00e9 le 30 Juni 2026\t\t<\/small>\n\n\t\t \/ <ul class=\"tags\"><li class=\"tag post-link-category post-link-category-actualites\">Nachrichten<\/li><\/ul>\t<\/div>\n\n\t<header class=\"entry-header\">\n\t\t<div class=\"entry-header-heading\">\n\t\t\t<div class=\"entry-title-wrapper\">\n\t\t\t\t<h4 class=\"entry-title\">Eurosatory 2<\/h4>\t\t\t<\/div>\n\t\t<\/div>\n\t<\/header>\n\n\t\n\t<span class=\"link\">En savoir plus<\/span>\n\n<\/div>\n\n\t\t\t\t\t\t\t<\/a>\n\t\t\n\t<\/article>\n\t\t<\/li><!-- #post-1103 -->\n\n\t<li class=\"post-item carousel-slide\">\n\t\t<article\n\t\tid=\"post-1085\"\n\t\tdata-id=\"1085\"\n\t\tclass=\"excerpt layout-light post-1085 post type-post status-publish format-standard has-post-thumbnail hentry category-3-26\">\n\n\t\t\t\t\t<a href=\"https:\/\/revuemilitairesuisse.ch\/de\/quand-les-regles-de-la-guerre-sont-ignorees\/\" target=\"_self\">\n\t\t\t\n\t\t\t\t\n\t<div class=\"post-thumbnail\">\n\t\t<img width=\"595\" height=\"841\" src=\"https:\/\/revuemilitairesuisse.ch\/app\/uploads\/2026\/06\/RMS_2026-03.jpg\" class=\"attachment-content-two-third size-content-two-third wp-post-image\" alt=\"\" srcset=\"https:\/\/revuemilitairesuisse.ch\/app\/uploads\/2026\/06\/RMS_2026-03.jpg 595w, https:\/\/revuemilitairesuisse.ch\/app\/uploads\/2026\/06\/RMS_2026-03-212x300.jpg 212w, https:\/\/revuemilitairesuisse.ch\/app\/uploads\/2026\/06\/RMS_2026-03-8x12.jpg 8w, https:\/\/revuemilitairesuisse.ch\/app\/uploads\/2026\/06\/RMS_2026-03-380x537.jpg 380w, https:\/\/revuemilitairesuisse.ch\/app\/uploads\/2026\/06\/RMS_2026-03-350x495.jpg 350w, https:\/\/revuemilitairesuisse.ch\/app\/uploads\/2026\/06\/RMS_2026-03-540x763.jpg 540w\" sizes=\"(max-width: 595px) 100vw, 595px\" \/>\t<\/div><!-- .post-thumbnail -->\n\n<div class=\"content\">\n\t<div class=\"entry-meta\">\n\t\t<small class=\"entry-published-on\">\n\t\t\tPubli\u00e9 le 17 Juni 2026\t\t<\/small>\n\n\t\t \/ <ul class=\"tags\"><li class=\"tag post-link-category post-link-category-3-26\">Revue 3\/26<\/li><\/ul>\t<\/div>\n\n\t<header class=\"entry-header\">\n\t\t<div class=\"entry-header-heading\">\n\t\t\t<div class=\"entry-title-wrapper\">\n\t\t\t\t<h4 class=\"entry-title\">Wenn die Regeln des Krieges missachtet werden<\/h4>\t\t\t<\/div>\n\t\t<\/div>\n\t<\/header>\n\n\t\n\t<span class=\"link\">En savoir plus<\/span>\n\n<\/div>\n\n\t\t\t\t\t\t\t<\/a>\n\t\t\n\t<\/article>\n\t\t<\/li><!-- #post-1085 -->\n\n\t<li class=\"post-item carousel-slide\">\n\t\t<article\n\t\tid=\"post-1144\"\n\t\tdata-id=\"1144\"\n\t\tclass=\"excerpt layout-light post-1144 post type-post status-publish format-standard has-post-thumbnail hentry category-revue-4-26\">\n\n\t\t\t\t\t<a href=\"https:\/\/revuemilitairesuisse.ch\/de\/lassurance-militaire-suisse-fete-ses-125-ans\/\" target=\"_self\">\n\t\t\t\n\t\t\t\t\n\t<div class=\"post-thumbnail\">\n\t\t<img width=\"620\" height=\"877\" src=\"https:\/\/revuemilitairesuisse.ch\/app\/uploads\/2026\/08\/RMS_2026-04_cover-620x877.jpg\" class=\"attachment-content-two-third size-content-two-third wp-post-image\" alt=\"\" srcset=\"https:\/\/revuemilitairesuisse.ch\/app\/uploads\/2026\/08\/RMS_2026-04_cover-620x877.jpg 620w, https:\/\/revuemilitairesuisse.ch\/app\/uploads\/2026\/08\/RMS_2026-04_cover-212x300.jpg 212w, https:\/\/revuemilitairesuisse.ch\/app\/uploads\/2026\/08\/RMS_2026-04_cover-724x1024.jpg 724w, https:\/\/revuemilitairesuisse.ch\/app\/uploads\/2026\/08\/RMS_2026-04_cover-768x1086.jpg 768w, https:\/\/revuemilitairesuisse.ch\/app\/uploads\/2026\/08\/RMS_2026-04_cover-1086x1536.jpg 1086w, https:\/\/revuemilitairesuisse.ch\/app\/uploads\/2026\/08\/RMS_2026-04_cover-8x12.jpg 8w, https:\/\/revuemilitairesuisse.ch\/app\/uploads\/2026\/08\/RMS_2026-04_cover-990x1400.jpg 990w, https:\/\/revuemilitairesuisse.ch\/app\/uploads\/2026\/08\/RMS_2026-04_cover-380x538.jpg 380w, https:\/\/revuemilitairesuisse.ch\/app\/uploads\/2026\/08\/RMS_2026-04_cover-350x495.jpg 350w, https:\/\/revuemilitairesuisse.ch\/app\/uploads\/2026\/08\/RMS_2026-04_cover-540x764.jpg 540w, https:\/\/revuemilitairesuisse.ch\/app\/uploads\/2026\/08\/RMS_2026-04_cover.jpg 1240w\" sizes=\"(max-width: 620px) 100vw, 620px\" \/>\t<\/div><!-- .post-thumbnail -->\n\n<div class=\"content\">\n\t<div class=\"entry-meta\">\n\t\t<small class=\"entry-published-on\">\n\t\t\tPubli\u00e9 le 5 August 2026\t\t<\/small>\n\n\t\t \/ <ul class=\"tags\"><li class=\"tag post-link-category post-link-category-revue-4-26\">Revue 4\/26<\/li><\/ul>\t<\/div>\n\n\t<header class=\"entry-header\">\n\t\t<div class=\"entry-header-heading\">\n\t\t\t<div class=\"entry-title-wrapper\">\n\t\t\t\t<h4 class=\"entry-title\">Die Schweizerische Milit\u00e4rversicherung feiert ihr 125-j\u00e4hriges Bestehen<\/h4>\t\t\t<\/div>\n\t\t<\/div>\n\t<\/header>\n\n\t\n\t<span class=\"link\">En savoir plus<\/span>\n\n<\/div>\n\n\t\t\t\t\t\t\t<\/a>\n\t\t\n\t<\/article>\n\t\t<\/li><!-- #post-1144 -->\n\n\t<li class=\"post-item carousel-slide\">\n\t\t<article\n\t\tid=\"post-1095\"\n\t\tdata-id=\"1095\"\n\t\tclass=\"excerpt layout-light post-1095 post type-post status-publish format-standard has-post-thumbnail hentry category-actualites\">\n\n\t\t\t\t\t<a href=\"https:\/\/revuemilitairesuisse.ch\/de\/eurosatory-1\/\" target=\"_self\">\n\t\t\t\n\t\t\t\t\n\t<div class=\"post-thumbnail\">\n\t\t<img width=\"620\" height=\"465\" src=\"https:\/\/revuemilitairesuisse.ch\/app\/uploads\/2026\/06\/IMG_4028-620x465.jpeg\" class=\"attachment-content-two-third size-content-two-third wp-post-image\" alt=\"\" srcset=\"https:\/\/revuemilitairesuisse.ch\/app\/uploads\/2026\/06\/IMG_4028-620x465.jpeg 620w, https:\/\/revuemilitairesuisse.ch\/app\/uploads\/2026\/06\/IMG_4028-300x225.jpeg 300w, https:\/\/revuemilitairesuisse.ch\/app\/uploads\/2026\/06\/IMG_4028-16x12.jpeg 16w, https:\/\/revuemilitairesuisse.ch\/app\/uploads\/2026\/06\/IMG_4028-380x285.jpeg 380w, https:\/\/revuemilitairesuisse.ch\/app\/uploads\/2026\/06\/IMG_4028-350x263.jpeg 350w, https:\/\/revuemilitairesuisse.ch\/app\/uploads\/2026\/06\/IMG_4028-540x405.jpeg 540w, https:\/\/revuemilitairesuisse.ch\/app\/uploads\/2026\/06\/IMG_4028-rotated.jpeg 640w\" sizes=\"(max-width: 620px) 100vw, 620px\" \/>\t<\/div><!-- .post-thumbnail -->\n\n<div class=\"content\">\n\t<div class=\"entry-meta\">\n\t\t<small class=\"entry-published-on\">\n\t\t\tPubli\u00e9 le 29 Juni 2026\t\t<\/small>\n\n\t\t \/ <ul class=\"tags\"><li class=\"tag post-link-category post-link-category-actualites\">Nachrichten<\/li><\/ul>\t<\/div>\n\n\t<header class=\"entry-header\">\n\t\t<div class=\"entry-header-heading\">\n\t\t\t<div class=\"entry-title-wrapper\">\n\t\t\t\t<h4 class=\"entry-title\">Eurosatory 1<\/h4>\t\t\t<\/div>\n\t\t<\/div>\n\t<\/header>\n\n\t\n\t<span class=\"link\">En savoir plus<\/span>\n\n<\/div>\n\n\t\t\t\t\t\t\t<\/a>\n\t\t\n\t<\/article>\n\t\t<\/li><!-- #post-1095 -->\n\t\t<\/ul>\n\t<\/div>\n<\/div>\n\n\t<\/div>\n<\/section>","protected":false},"excerpt":{"rendered":"Armement Don Quijote 2026 Col EMG Alexandre Vautravers R\u00e9dacteur en chef, RMS+ L\u2019\u00e9dition 2026 du salon europ\u00e9en de la d\u00e9fense \u00e0 Paris, Eurosatory, s\u2019est d\u00e9roul\u00e9 dans une situation tr\u00e8s particuli\u00e8re, marqu\u00e9e par la culmination de la guerre en Ukraine, par la double impasse du conflit en Iran, par le sommet et les \u00e9v\u00e8nements d\u2019Evian\/Gen\u00e8ve (G7).","protected":false},"author":1,"featured_media":0,"parent":0,"menu_order":0,"comment_status":"closed","ping_status":"closed","template":"","meta":{"_acf_changed":false,"footnotes":""},"class_list":["post-9","page","type-page","status-publish","hentry"],"acf":[],"yoast_head":"<!-- This site is optimized with the Yoast SEO plugin v28.4 - https:\/\/yoast.com\/product\/yoast-seo-wordpress\/ -->\n<title>Accueil - Revue Militaire Suisse<\/title>\n<meta name=\"robots\" content=\"index, follow, max-snippet:-1, max-image-preview:large, max-video-preview:-1\" \/>\n<link rel=\"canonical\" href=\"https:\/\/revuemilitairesuisse.ch\/de\/\" \/>\n<meta property=\"og:locale\" content=\"de_DE\" \/>\n<meta property=\"og:type\" content=\"article\" \/>\n<meta property=\"og:title\" content=\"Accueil - Revue Militaire Suisse\" \/>\n<meta property=\"og:description\" content=\"Armement Don Quijote 2026 Col EMG Alexandre Vautravers R\u00e9dacteur en chef, RMS+ L\u2019\u00e9dition 2026 du salon europ\u00e9en de la d\u00e9fense \u00e0 Paris, Eurosatory, s\u2019est d\u00e9roul\u00e9 dans une situation tr\u00e8s particuli\u00e8re, marqu\u00e9e par la culmination de la guerre en Ukraine, par la double impasse du conflit en Iran, par le sommet et les \u00e9v\u00e8nements d\u2019Evian\/Gen\u00e8ve (G7). [&hellip;]\" \/>\n<meta property=\"og:url\" content=\"https:\/\/revuemilitairesuisse.ch\/de\/\" \/>\n<meta property=\"og:site_name\" content=\"Revue Militaire Suisse\" \/>\n<meta property=\"article:publisher\" content=\"https:\/\/www.facebook.com\/revuemilitairesuisse\/\" \/>\n<meta property=\"article:modified_time\" content=\"2025-10-02T12:04:02+00:00\" \/>\n<meta name=\"twitter:card\" content=\"summary_large_image\" \/>\n<script type=\"application\/ld+json\" class=\"yoast-schema-graph\">{\"@context\":\"https:\\\/\\\/schema.org\",\"@graph\":[{\"@type\":\"WebPage\",\"@id\":\"https:\\\/\\\/revuemilitairesuisse.ch\\\/\",\"url\":\"https:\\\/\\\/revuemilitairesuisse.ch\\\/\",\"name\":\"Accueil - Revue Militaire Suisse\",\"isPartOf\":{\"@id\":\"https:\\\/\\\/revuemilitairesuisse.ch\\\/#website\"},\"datePublished\":\"2024-11-20T10:59:17+00:00\",\"dateModified\":\"2025-10-02T12:04:02+00:00\",\"breadcrumb\":{\"@id\":\"https:\\\/\\\/revuemilitairesuisse.ch\\\/#breadcrumb\"},\"inLanguage\":\"de\",\"potentialAction\":[{\"@type\":\"ReadAction\",\"target\":[\"https:\\\/\\\/revuemilitairesuisse.ch\\\/\"]}]},{\"@type\":\"BreadcrumbList\",\"@id\":\"https:\\\/\\\/revuemilitairesuisse.ch\\\/#breadcrumb\",\"itemListElement\":[{\"@type\":\"ListItem\",\"position\":1,\"name\":\"Accueil\",\"item\":\"https:\\\/\\\/revuemilitairesuisse.ch\\\/\"},{\"@type\":\"ListItem\",\"position\":2,\"name\":\"Accueil\"}]},{\"@type\":\"WebSite\",\"@id\":\"https:\\\/\\\/revuemilitairesuisse.ch\\\/#website\",\"url\":\"https:\\\/\\\/revuemilitairesuisse.ch\\\/\",\"name\":\"Revue Militaire Suisse\",\"description\":\"\",\"publisher\":{\"@id\":\"https:\\\/\\\/revuemilitairesuisse.ch\\\/#organization\"},\"potentialAction\":[{\"@type\":\"SearchAction\",\"target\":{\"@type\":\"EntryPoint\",\"urlTemplate\":\"https:\\\/\\\/revuemilitairesuisse.ch\\\/?s={search_term_string}\"},\"query-input\":{\"@type\":\"PropertyValueSpecification\",\"valueRequired\":true,\"valueName\":\"search_term_string\"}}],\"inLanguage\":\"de\"},{\"@type\":\"Organization\",\"@id\":\"https:\\\/\\\/revuemilitairesuisse.ch\\\/#organization\",\"name\":\"Revue Militaire Suisse\",\"url\":\"https:\\\/\\\/revuemilitairesuisse.ch\\\/\",\"logo\":{\"@type\":\"ImageObject\",\"inLanguage\":\"de\",\"@id\":\"https:\\\/\\\/revuemilitairesuisse.ch\\\/#\\\/schema\\\/logo\\\/image\\\/\",\"url\":\"https:\\\/\\\/revuemilitairesuisse.ch\\\/app\\\/uploads\\\/2025\\\/07\\\/logoRMS-trans.svg\",\"contentUrl\":\"https:\\\/\\\/revuemilitairesuisse.ch\\\/app\\\/uploads\\\/2025\\\/07\\\/logoRMS-trans.svg\",\"caption\":\"Revue Militaire Suisse\"},\"image\":{\"@id\":\"https:\\\/\\\/revuemilitairesuisse.ch\\\/#\\\/schema\\\/logo\\\/image\\\/\"},\"sameAs\":[\"https:\\\/\\\/www.facebook.com\\\/revuemilitairesuisse\\\/\"]}]}<\/script>\n<!-- \/ Yoast SEO plugin. -->","yoast_head_json":{"title":"Accueil - Revue Militaire Suisse","robots":{"index":"index","follow":"follow","max-snippet":"max-snippet:-1","max-image-preview":"max-image-preview:large","max-video-preview":"max-video-preview:-1"},"canonical":"https:\/\/revuemilitairesuisse.ch\/de\/","og_locale":"de_DE","og_type":"article","og_title":"Accueil - Revue Militaire Suisse","og_description":"Armement Don Quijote 2026 Col EMG Alexandre Vautravers R\u00e9dacteur en chef, RMS+ L\u2019\u00e9dition 2026 du salon europ\u00e9en de la d\u00e9fense \u00e0 Paris, Eurosatory, s\u2019est d\u00e9roul\u00e9 dans une situation tr\u00e8s particuli\u00e8re, marqu\u00e9e par la culmination de la guerre en Ukraine, par la double impasse du conflit en Iran, par le sommet et les \u00e9v\u00e8nements d\u2019Evian\/Gen\u00e8ve (G7). [&hellip;]","og_url":"https:\/\/revuemilitairesuisse.ch\/de\/","og_site_name":"Revue Militaire Suisse","article_publisher":"https:\/\/www.facebook.com\/revuemilitairesuisse\/","article_modified_time":"2025-10-02T12:04:02+00:00","twitter_card":"summary_large_image","schema":{"@context":"https:\/\/schema.org","@graph":[{"@type":"WebPage","@id":"https:\/\/revuemilitairesuisse.ch\/","url":"https:\/\/revuemilitairesuisse.ch\/","name":"Accueil - Revue Militaire Suisse","isPartOf":{"@id":"https:\/\/revuemilitairesuisse.ch\/#website"},"datePublished":"2024-11-20T10:59:17+00:00","dateModified":"2025-10-02T12:04:02+00:00","breadcrumb":{"@id":"https:\/\/revuemilitairesuisse.ch\/#breadcrumb"},"inLanguage":"de","potentialAction":[{"@type":"ReadAction","target":["https:\/\/revuemilitairesuisse.ch\/"]}]},{"@type":"BreadcrumbList","@id":"https:\/\/revuemilitairesuisse.ch\/#breadcrumb","itemListElement":[{"@type":"ListItem","position":1,"name":"Accueil","item":"https:\/\/revuemilitairesuisse.ch\/"},{"@type":"ListItem","position":2,"name":"Accueil"}]},{"@type":"WebSite","@id":"https:\/\/revuemilitairesuisse.ch\/#website","url":"https:\/\/revuemilitairesuisse.ch\/","name":"Schweizerische Milit\u00e4rzeitschrift","description":"","publisher":{"@id":"https:\/\/revuemilitairesuisse.ch\/#organization"},"potentialAction":[{"@type":"SearchAction","target":{"@type":"EntryPoint","urlTemplate":"https:\/\/revuemilitairesuisse.ch\/?s={search_term_string}"},"query-input":{"@type":"PropertyValueSpecification","valueRequired":true,"valueName":"search_term_string"}}],"inLanguage":"de"},{"@type":"Organization","@id":"https:\/\/revuemilitairesuisse.ch\/#organization","name":"Schweizerische Milit\u00e4rzeitschrift","url":"https:\/\/revuemilitairesuisse.ch\/","logo":{"@type":"ImageObject","inLanguage":"de","@id":"https:\/\/revuemilitairesuisse.ch\/#\/schema\/logo\/image\/","url":"https:\/\/revuemilitairesuisse.ch\/app\/uploads\/2025\/07\/logoRMS-trans.svg","contentUrl":"https:\/\/revuemilitairesuisse.ch\/app\/uploads\/2025\/07\/logoRMS-trans.svg","caption":"Revue Militaire Suisse"},"image":{"@id":"https:\/\/revuemilitairesuisse.ch\/#\/schema\/logo\/image\/"},"sameAs":["https:\/\/www.facebook.com\/revuemilitairesuisse\/"]}]}},"_links":{"self":[{"href":"https:\/\/revuemilitairesuisse.ch\/de\/wp-json\/wp\/v2\/pages\/9","targetHints":{"allow":["GET"]}}],"collection":[{"href":"https:\/\/revuemilitairesuisse.ch\/de\/wp-json\/wp\/v2\/pages"}],"about":[{"href":"https:\/\/revuemilitairesuisse.ch\/de\/wp-json\/wp\/v2\/types\/page"}],"author":[{"embeddable":true,"href":"https:\/\/revuemilitairesuisse.ch\/de\/wp-json\/wp\/v2\/users\/1"}],"replies":[{"embeddable":true,"href":"https:\/\/revuemilitairesuisse.ch\/de\/wp-json\/wp\/v2\/comments?post=9"}],"version-history":[{"count":39,"href":"https:\/\/revuemilitairesuisse.ch\/de\/wp-json\/wp\/v2\/pages\/9\/revisions"}],"predecessor-version":[{"id":838,"href":"https:\/\/revuemilitairesuisse.ch\/de\/wp-json\/wp\/v2\/pages\/9\/revisions\/838"}],"wp:attachment":[{"href":"https:\/\/revuemilitairesuisse.ch\/de\/wp-json\/wp\/v2\/media?parent=9"}],"curies":[{"name":"wp","href":"https:\/\/api.w.org\/{rel}","templated":true}]}}